{"id":8157,"date":"2010-02-23T11:36:20","date_gmt":"2010-02-23T10:36:20","guid":{"rendered":"https:\/\/www.espanoluniversal.nl\/cursos-de-espanol-en-haarlem\/curso-de-espanol-para-empresas\/"},"modified":"2025-06-08T07:45:21","modified_gmt":"2025-06-08T06:45:21","slug":"curso-de-espanol-para-empresas","status":"publish","type":"page","link":"https:\/\/www.espanoluniversal.nl\/es\/cursos-de-espanol\/curso-de-espanol-para-empresas\/","title":{"rendered":"Curso de espa\u00f1ol en l\u00ednea para empresas"},"content":{"rendered":"\n<p>Cursos de espa\u00f1ol en l\u00ednea para empresas dise\u00f1ados a medida y relacionados con la industria.<\/p>\n\n<p><strong>M\u00e9todos<\/strong>:<\/p>\n\n<ul class=\"wp-block-list\">\n<li>Durante una entrevista de presentaci\u00f3n en l\u00ednea, tendr\u00e1 la oportunidad de expresar sus deseos y necesidades en cuanto a la adquisici\u00f3n del espa\u00f1ol en su propio sector. Esto se hace sobre la base de un formulario de admisi\u00f3n que servir\u00e1 de gu\u00eda para la entrevista. Si es necesario, se realizar\u00e1 una prueba de nivel.<\/li>\n<\/ul>\n\n<div style=\"height:34px\" aria-hidden=\"true\" class=\"wp-block-spacer\"><\/div>\n\n<ul class=\"wp-block-list\">\n<li>Puede especificar si, por ejemplo, las siguientes competencias pueden incluirse en el programa de formaci\u00f3n en l\u00ednea: realizar una llamada de ventas, solicitar y facilitar informaci\u00f3n por tel\u00e9fono, recibir clientes, concertar citas, presentar el producto, gestionar quejas y problemas, redactar informes, hacer una presentaci\u00f3n comercial, etc.<\/li>\n<\/ul>\n\n<div style=\"height:34px\" aria-hidden=\"true\" class=\"wp-block-spacer\"><\/div>\n\n<ul class=\"wp-block-list\">\n<li>Con la experiencia de <em>Espa\u00f1ol<\/em> Universal en consulta contigo, se dise\u00f1ar\u00e1 un programa de ense\u00f1anza totalmente personalizado con temas gramaticales, destrezas ling\u00fc\u00edsticas y vocabulario relevantes para la industria.<\/li>\n<\/ul>\n\n<div style=\"height:34px\" aria-hidden=\"true\" class=\"wp-block-spacer\"><\/div>\n\n<p><strong>V\u00eda educativa<\/strong>:<\/p>\n\n<div style=\"height:34px\" aria-hidden=\"true\" class=\"wp-block-spacer\"><\/div>\n\n<ul class=\"wp-block-list\">\n<li>Cada sesi\u00f3n de clase online se centrar\u00e1 en la adquisici\u00f3n de la lengua espa\u00f1ola y tambi\u00e9n en la explicaci\u00f3n de los modales y la cultura espa\u00f1ola. Para cerrar un trato comercial, para pedir comida en un restaurante, para negociar las mejores condiciones de entrega de tu producto, para ir de compras&#8230; los modales son parte integrante del lenguaje.<\/li>\n<\/ul>\n\n<div style=\"height:34px\" aria-hidden=\"true\" class=\"wp-block-spacer\"><\/div>\n\n<ul class=\"wp-block-list\">\n<li>El estudiante tambi\u00e9n tendr\u00e1 la oportunidad de poner en pr\u00e1ctica el material tratado en cada sesi\u00f3n en l\u00ednea en una situaci\u00f3n de trabajo real. De ah\u00ed la importancia de que la formaci\u00f3n tenga lugar en el lugar de trabajo del alumno.<\/li>\n<\/ul>\n\n<div style=\"height:34px\" aria-hidden=\"true\" class=\"wp-block-spacer\"><\/div>\n\n<ul class=\"wp-block-list\">\n<li>La estructura de los cursos de formaci\u00f3n empresarial en l\u00ednea se basa en los niveles ling\u00fc\u00edsticos del Marco de Referencia Europeo<em>. <\/em>Estos niveles fueron desarrollados por el Consejo de Europa y se recogen en el MCER<em>(Marco Com\u00fan Europeo de Referencia para las Lenguas<\/em>). Cada bloque de 10 lecciones corresponde a los niveles de lengua que se indican a continuaci\u00f3n.<\/li>\n<\/ul>\n\n<div style=\"height:34px\" aria-hidden=\"true\" class=\"wp-block-spacer\"><\/div>\n\n<ul class=\"wp-block-list\">\n<li>El MCER divide a los alumnos en tres grandes grupos que pueden dividirse en seis niveles:<\/li>\n<\/ul>\n\n<div style=\"height:34px\" aria-hidden=\"true\" class=\"wp-block-spacer\"><\/div>\n\n<ol class=\"wp-block-list\">\n<li>Usuario principiante de idiomas: A1 <em>Breakthrough, <\/em>A2 <em>Waystage<\/em><\/li>\n\n\n\n<li>Usuario de idiomas independiente: B1 <em>Umbral, <\/em>B2 <em>Vantage<\/em><\/li>\n\n\n\n<li>Usuario competente de la lengua: C1 Dominio operativo eficaz, C2 Maestr\u00eda<\/li>\n<\/ol>\n\n<div style=\"height:34px\" aria-hidden=\"true\" class=\"wp-block-spacer\"><\/div>\n\n<ul class=\"wp-block-list\">\n<li>A mitad del curso en l\u00ednea, se celebrar\u00e1 una reuni\u00f3n de evaluaci\u00f3n para valorar los progresos y experiencias del estudiante y ajustar el programa did\u00e1ctico en caso necesario.<\/li>\n<\/ul>\n\n<div style=\"height:34px\" aria-hidden=\"true\" class=\"wp-block-spacer\"><\/div>\n\n<ul class=\"wp-block-list\">\n<li>Al final del itinerario educativo, existe la posibilidad de realizar una prueba de nivel en un organismo independiente sin coste adicional para el alumno.<\/li>\n<\/ul>\n\n<div style=\"height:34px\" aria-hidden=\"true\" class=\"wp-block-spacer\"><\/div>\n\n<p class=\"has-text-align-left\"><strong>Curso de espa\u00f1ol para empresas (incluye material did\u00e1ctico):<\/strong><\/p>\n\n<ul class=\"wp-block-list\">\n<li>1 persona: 89 euros por hora y persona<\/li>\n\n\n\n<li>2 personas (clase a d\u00fao): 69 euros por hora y persona<\/li>\n<\/ul>\n\n<div style=\"height:34px\" aria-hidden=\"true\" class=\"wp-block-spacer\"><\/div>\n\n<p class=\"has-text-align-left\"><strong>Clases de espa\u00f1ol en grupo para empresas (m\u00ednimo 4 alumnos):<\/strong><\/p>\n\n<ul class=\"wp-block-list\">\n<li>10 clases de 2 horas: 689 euros por persona (excluido el material did\u00e1ctico)<\/li>\n<\/ul>\n\n<div style=\"height:34px\" aria-hidden=\"true\" class=\"wp-block-spacer\"><\/div>\n\n<p>Si desea m\u00e1s informaci\u00f3n sobre la formaci\u00f3n corporativa en l\u00ednea personalizada, p\u00f3ngase en contacto con Espa\u00f1ol Universal en:<span id=\"_marker\"> <a href=\"http:\/\/www.espanoluniversal.nl\/contact\/\" target=\"_self\" rel=\"noopener\">contacto<\/a><\/span><\/p>\n","protected":false},"excerpt":{"rendered":"<p>Cursos de espa\u00f1ol en l\u00ednea para empresas dise\u00f1ados a medida y relacionados con la industria. M\u00e9todos: V\u00eda educativa: Curso de espa\u00f1ol para empresas (incluye material did\u00e1ctico): Clases de espa\u00f1ol en grupo para empresas (m\u00ednimo 4 alumnos): Si desea m\u00e1s informaci\u00f3n sobre la formaci\u00f3n corporativa en l\u00ednea personalizada, p\u00f3ngase en contacto con Espa\u00f1ol Universal en: contacto<\/p>\n","protected":false},"author":1,"featured_media":7370,"parent":8036,"menu_order":11,"comment_status":"closed","ping_status":"closed","template":"","meta":{"footnotes":""},"class_list":["post-8157","page","type-page","status-publish","has-post-thumbnail","hentry"],"_links":{"self":[{"href":"https:\/\/www.espanoluniversal.nl\/es\/wp-json\/wp\/v2\/pages\/8157","targetHints":{"allow":["GET"]}}],"collection":[{"href":"https:\/\/www.espanoluniversal.nl\/es\/wp-json\/wp\/v2\/pages"}],"about":[{"href":"https:\/\/www.espanoluniversal.nl\/es\/wp-json\/wp\/v2\/types\/page"}],"author":[{"embeddable":true,"href":"https:\/\/www.espanoluniversal.nl\/es\/wp-json\/wp\/v2\/users\/1"}],"replies":[{"embeddable":true,"href":"https:\/\/www.espanoluniversal.nl\/es\/wp-json\/wp\/v2\/comments?post=8157"}],"version-history":[{"count":2,"href":"https:\/\/www.espanoluniversal.nl\/es\/wp-json\/wp\/v2\/pages\/8157\/revisions"}],"predecessor-version":[{"id":10913,"href":"https:\/\/www.espanoluniversal.nl\/es\/wp-json\/wp\/v2\/pages\/8157\/revisions\/10913"}],"up":[{"embeddable":true,"href":"https:\/\/www.espanoluniversal.nl\/es\/wp-json\/wp\/v2\/pages\/8036"}],"wp:featuredmedia":[{"embeddable":true,"href":"https:\/\/www.espanoluniversal.nl\/es\/wp-json\/wp\/v2\/media\/7370"}],"wp:attachment":[{"href":"https:\/\/www.espanoluniversal.nl\/es\/wp-json\/wp\/v2\/media?parent=8157"}],"curies":[{"name":"wp","href":"https:\/\/api.w.org\/{rel}","templated":true}]}}